{"id":131,"date":"2025-05-01T12:45:55","date_gmt":"2025-05-01T12:45:55","guid":{"rendered":"https:\/\/www.xn--speciallgejacobhasselbalch-6ic.dk\/?page_id=131"},"modified":"2026-02-06T07:18:47","modified_gmt":"2026-02-06T07:18:47","slug":"meddelelser","status":"publish","type":"page","link":"https:\/\/www.xn--speciallgejacobhasselbalch-6ic.dk\/?page_id=131","title":{"rendered":"Meddelelser"},"content":{"rendered":"\t\t<div data-elementor-type=\"wp-page\" data-elementor-id=\"131\" class=\"elementor elementor-131\" data-elementor-post-type=\"page\">\n\t\t\t\t<div class=\"elementor-element elementor-element-241ec71 e-flex e-con-boxed e-con e-parent\" data-id=\"241ec71\" data-element_type=\"container\" data-e-type=\"container\">\n\t\t\t\t\t<div class=\"e-con-inner\">\n\t\t\t\t<div class=\"elementor-element elementor-element-cbed59f elementor-widget elementor-widget-spacer\" data-id=\"cbed59f\" data-element_type=\"widget\" data-e-type=\"widget\" data-widget_type=\"spacer.default\">\n\t\t\t\t<div class=\"elementor-widget-container\">\n\t\t\t\t\t\t\t<div class=\"elementor-spacer\">\n\t\t\t<div class=\"elementor-spacer-inner\"><\/div>\n\t\t<\/div>\n\t\t\t\t\t\t<\/div>\n\t\t\t\t<\/div>\n\t\t\t\t<div class=\"elementor-element elementor-element-2144d60 elementor-widget elementor-widget-heading\" data-id=\"2144d60\" data-element_type=\"widget\" data-e-type=\"widget\" data-widget_type=\"heading.default\">\n\t\t\t\t<div class=\"elementor-widget-container\">\n\t\t\t\t\t<h2 class=\"elementor-heading-title elementor-size-default\">Meddelelser<br><\/h2>\t\t\t\t<\/div>\n\t\t\t\t<\/div>\n\t\t\t\t\t<\/div>\n\t\t\t\t<\/div>\n\t\t<div class=\"elementor-element elementor-element-81be787 e-flex e-con-boxed e-con e-parent\" data-id=\"81be787\" data-element_type=\"container\" data-e-type=\"container\">\n\t\t\t\t\t<div class=\"e-con-inner\">\n\t\t\t\t<div class=\"elementor-element elementor-element-3c9acaf elementor-widget elementor-widget-image\" data-id=\"3c9acaf\" data-element_type=\"widget\" data-e-type=\"widget\" data-widget_type=\"image.default\">\n\t\t\t\t<div class=\"elementor-widget-container\">\n\t\t\t\t\t\t\t\t\t\t\t\t\t\t\t<img fetchpriority=\"high\" decoding=\"async\" width=\"684\" height=\"1024\" src=\"https:\/\/www.xn--speciallgejacobhasselbalch-6ic.dk\/wp-content\/uploads\/2026\/02\/photo-1510860933079-0d4aa3d081bb-684x1024.avif\" class=\"attachment-large size-large wp-image-790\" alt=\"\" srcset=\"https:\/\/www.xn--speciallgejacobhasselbalch-6ic.dk\/wp-content\/uploads\/2026\/02\/photo-1510860933079-0d4aa3d081bb-684x1024.avif 684w, https:\/\/www.xn--speciallgejacobhasselbalch-6ic.dk\/wp-content\/uploads\/2026\/02\/photo-1510860933079-0d4aa3d081bb-200x300.avif 200w, https:\/\/www.xn--speciallgejacobhasselbalch-6ic.dk\/wp-content\/uploads\/2026\/02\/photo-1510860933079-0d4aa3d081bb-768x1150.avif 768w, https:\/\/www.xn--speciallgejacobhasselbalch-6ic.dk\/wp-content\/uploads\/2026\/02\/photo-1510860933079-0d4aa3d081bb-1026x1536.avif 1026w, https:\/\/www.xn--speciallgejacobhasselbalch-6ic.dk\/wp-content\/uploads\/2026\/02\/photo-1510860933079-0d4aa3d081bb-1368x2048.avif 1368w, https:\/\/www.xn--speciallgejacobhasselbalch-6ic.dk\/wp-content\/uploads\/2026\/02\/photo-1510860933079-0d4aa3d081bb-scaled.avif 1710w\" sizes=\"(max-width: 684px) 100vw, 684px\" \/>\t\t\t\t\t\t\t\t\t\t\t\t\t\t\t<\/div>\n\t\t\t\t<\/div>\n\t\t\t\t\t<\/div>\n\t\t\t\t<\/div>\n\t\t<div class=\"elementor-element elementor-element-58db896 e-flex e-con-boxed e-con e-parent\" data-id=\"58db896\" data-element_type=\"container\" data-e-type=\"container\">\n\t\t\t\t\t<div class=\"e-con-inner\">\n\t\t\t\t<div class=\"elementor-element elementor-element-84c032d elementor-widget elementor-widget-text-editor\" data-id=\"84c032d\" data-element_type=\"widget\" data-e-type=\"widget\" data-widget_type=\"text-editor.default\">\n\t\t\t\t<div class=\"elementor-widget-container\">\n\t\t\t\t\t\t\t\t\t<p>Jeg er p\u00e5 skiferie i uge 7. Vi ses igen i uge 8 eller p\u00e5 pisten \ud83d\ude42<\/p>\t\t\t\t\t\t\t\t<\/div>\n\t\t\t\t<\/div>\n\t\t\t\t\t<\/div>\n\t\t\t\t<\/div>\n\t\t<div class=\"elementor-element elementor-element-44ce7ba e-flex e-con-boxed e-con e-parent\" data-id=\"44ce7ba\" data-element_type=\"container\" data-e-type=\"container\">\n\t\t\t\t\t<div class=\"e-con-inner\">\n\t\t\t\t\t<\/div>\n\t\t\t\t<\/div>\n\t\t\t\t<\/div>\n\t\t","protected":false},"excerpt":{"rendered":"<p>Meddelelser Jeg er p\u00e5 skiferie i uge 7. Vi ses igen i uge 8 eller p\u00e5 pisten \ud83d\ude42<\/p>\n","protected":false},"author":1,"featured_media":0,"parent":0,"menu_order":0,"comment_status":"closed","ping_status":"closed","template":"","meta":{"footnotes":""},"class_list":["post-131","page","type-page","status-publish","hentry"],"yoast_head":"<!-- This site is optimized with the Yoast SEO plugin v27.4 - https:\/\/yoast.com\/product\/yoast-seo-wordpress\/ -->\n<title>Meddelelser Speciall\u00e6ge Jacob Hasselbalch - Speciall\u00e6ge Jacob Hasselbalch<\/title>\n<meta name=\"description\" content=\"Speciall\u00e6ge i psykiatri Jacob Hasselbalch. Privatpraktiserende speciall\u00e6ge siden for\u00e5ret 2019. Jeg har tidligere bl.a. v\u00e6ret overl\u00e6ge i hospitalspsykiatrien og jeg har en bred klinisk erfaring.\" \/>\n<meta name=\"robots\" content=\"index, follow, max-snippet:-1, max-image-preview:large, max-video-preview:-1\" \/>\n<link rel=\"canonical\" href=\"https:\/\/www.xn--speciallgejacobhasselbalch-6ic.dk\/?page_id=131\" \/>\n<meta property=\"og:locale\" content=\"da_DK\" \/>\n<meta property=\"og:type\" content=\"article\" \/>\n<meta property=\"og:title\" content=\"Meddelelser Speciall\u00e6ge Jacob Hasselbalch - Speciall\u00e6ge Jacob Hasselbalch\" \/>\n<meta property=\"og:description\" content=\"Speciall\u00e6ge i psykiatri Jacob Hasselbalch. Privatpraktiserende speciall\u00e6ge siden for\u00e5ret 2019. Jeg har tidligere bl.a. v\u00e6ret overl\u00e6ge i hospitalspsykiatrien og jeg har en bred klinisk erfaring.\" \/>\n<meta property=\"og:url\" content=\"https:\/\/www.xn--speciallgejacobhasselbalch-6ic.dk\/?page_id=131\" \/>\n<meta property=\"og:site_name\" content=\"Speciall\u00e6ge Jacob Hasselbalch\" \/>\n<meta property=\"article:modified_time\" content=\"2026-02-06T07:18:47+00:00\" \/>\n<meta name=\"twitter:card\" content=\"summary_large_image\" \/>\n<meta name=\"twitter:label1\" content=\"Estimeret l\u00e6setid\" \/>\n\t<meta name=\"twitter:data1\" content=\"1 minut\" \/>\n<script type=\"application\/ld+json\" class=\"yoast-schema-graph\">{\"@context\":\"https:\\\/\\\/schema.org\",\"@graph\":[{\"@type\":\"WebPage\",\"@id\":\"https:\\\/\\\/www.xn--speciallgejacobhasselbalch-6ic.dk\\\/?page_id=131\",\"url\":\"https:\\\/\\\/www.xn--speciallgejacobhasselbalch-6ic.dk\\\/?page_id=131\",\"name\":\"Meddelelser Speciall\u00e6ge Jacob Hasselbalch - Speciall\u00e6ge Jacob Hasselbalch\",\"isPartOf\":{\"@id\":\"https:\\\/\\\/www.xn--speciallgejacobhasselbalch-6ic.dk\\\/#website\"},\"primaryImageOfPage\":{\"@id\":\"https:\\\/\\\/www.xn--speciallgejacobhasselbalch-6ic.dk\\\/?page_id=131#primaryimage\"},\"image\":{\"@id\":\"https:\\\/\\\/www.xn--speciallgejacobhasselbalch-6ic.dk\\\/?page_id=131#primaryimage\"},\"thumbnailUrl\":\"https:\\\/\\\/www.xn--speciallgejacobhasselbalch-6ic.dk\\\/wp-content\\\/uploads\\\/2026\\\/02\\\/photo-1510860933079-0d4aa3d081bb-684x1024.avif\",\"datePublished\":\"2025-05-01T12:45:55+00:00\",\"dateModified\":\"2026-02-06T07:18:47+00:00\",\"description\":\"Speciall\u00e6ge i psykiatri Jacob Hasselbalch. Privatpraktiserende speciall\u00e6ge siden for\u00e5ret 2019. Jeg har tidligere bl.a. v\u00e6ret overl\u00e6ge i hospitalspsykiatrien og jeg har en bred klinisk erfaring.\",\"breadcrumb\":{\"@id\":\"https:\\\/\\\/www.xn--speciallgejacobhasselbalch-6ic.dk\\\/?page_id=131#breadcrumb\"},\"inLanguage\":\"da-DK\",\"potentialAction\":[{\"@type\":\"ReadAction\",\"target\":[\"https:\\\/\\\/www.xn--speciallgejacobhasselbalch-6ic.dk\\\/?page_id=131\"]}]},{\"@type\":\"ImageObject\",\"inLanguage\":\"da-DK\",\"@id\":\"https:\\\/\\\/www.xn--speciallgejacobhasselbalch-6ic.dk\\\/?page_id=131#primaryimage\",\"url\":\"https:\\\/\\\/www.xn--speciallgejacobhasselbalch-6ic.dk\\\/wp-content\\\/uploads\\\/2026\\\/02\\\/photo-1510860933079-0d4aa3d081bb-scaled.avif\",\"contentUrl\":\"https:\\\/\\\/www.xn--speciallgejacobhasselbalch-6ic.dk\\\/wp-content\\\/uploads\\\/2026\\\/02\\\/photo-1510860933079-0d4aa3d081bb-scaled.avif\",\"width\":1710,\"height\":2560},{\"@type\":\"BreadcrumbList\",\"@id\":\"https:\\\/\\\/www.xn--speciallgejacobhasselbalch-6ic.dk\\\/?page_id=131#breadcrumb\",\"itemListElement\":[{\"@type\":\"ListItem\",\"position\":1,\"name\":\"Hjem\",\"item\":\"https:\\\/\\\/www.xn--speciallgejacobhasselbalch-6ic.dk\\\/\"},{\"@type\":\"ListItem\",\"position\":2,\"name\":\"Meddelelser\"}]},{\"@type\":\"WebSite\",\"@id\":\"https:\\\/\\\/www.xn--speciallgejacobhasselbalch-6ic.dk\\\/#website\",\"url\":\"https:\\\/\\\/www.xn--speciallgejacobhasselbalch-6ic.dk\\\/\",\"name\":\"Speciall\u00e6geJacobHasselbalch.dk\",\"description\":\"Speciall\u00e6ge i psykiatri\",\"potentialAction\":[{\"@type\":\"SearchAction\",\"target\":{\"@type\":\"EntryPoint\",\"urlTemplate\":\"https:\\\/\\\/www.xn--speciallgejacobhasselbalch-6ic.dk\\\/?s={search_term_string}\"},\"query-input\":{\"@type\":\"PropertyValueSpecification\",\"valueRequired\":true,\"valueName\":\"search_term_string\"}}],\"inLanguage\":\"da-DK\"}]}<\/script>\n<!-- \/ Yoast SEO plugin. -->","yoast_head_json":{"title":"Meddelelser Speciall\u00e6ge Jacob Hasselbalch - Speciall\u00e6ge Jacob Hasselbalch","description":"Speciall\u00e6ge i psykiatri Jacob Hasselbalch. Privatpraktiserende speciall\u00e6ge siden for\u00e5ret 2019. Jeg har tidligere bl.a. v\u00e6ret overl\u00e6ge i hospitalspsykiatrien og jeg har en bred klinisk erfaring.","robots":{"index":"index","follow":"follow","max-snippet":"max-snippet:-1","max-image-preview":"max-image-preview:large","max-video-preview":"max-video-preview:-1"},"canonical":"https:\/\/www.xn--speciallgejacobhasselbalch-6ic.dk\/?page_id=131","og_locale":"da_DK","og_type":"article","og_title":"Meddelelser Speciall\u00e6ge Jacob Hasselbalch - Speciall\u00e6ge Jacob Hasselbalch","og_description":"Speciall\u00e6ge i psykiatri Jacob Hasselbalch. Privatpraktiserende speciall\u00e6ge siden for\u00e5ret 2019. Jeg har tidligere bl.a. v\u00e6ret overl\u00e6ge i hospitalspsykiatrien og jeg har en bred klinisk erfaring.","og_url":"https:\/\/www.xn--speciallgejacobhasselbalch-6ic.dk\/?page_id=131","og_site_name":"Speciall\u00e6ge Jacob Hasselbalch","article_modified_time":"2026-02-06T07:18:47+00:00","twitter_card":"summary_large_image","twitter_misc":{"Estimeret l\u00e6setid":"1 minut"},"schema":{"@context":"https:\/\/schema.org","@graph":[{"@type":"WebPage","@id":"https:\/\/www.xn--speciallgejacobhasselbalch-6ic.dk\/?page_id=131","url":"https:\/\/www.xn--speciallgejacobhasselbalch-6ic.dk\/?page_id=131","name":"Meddelelser Speciall\u00e6ge Jacob Hasselbalch - Speciall\u00e6ge Jacob Hasselbalch","isPartOf":{"@id":"https:\/\/www.xn--speciallgejacobhasselbalch-6ic.dk\/#website"},"primaryImageOfPage":{"@id":"https:\/\/www.xn--speciallgejacobhasselbalch-6ic.dk\/?page_id=131#primaryimage"},"image":{"@id":"https:\/\/www.xn--speciallgejacobhasselbalch-6ic.dk\/?page_id=131#primaryimage"},"thumbnailUrl":"https:\/\/www.xn--speciallgejacobhasselbalch-6ic.dk\/wp-content\/uploads\/2026\/02\/photo-1510860933079-0d4aa3d081bb-684x1024.avif","datePublished":"2025-05-01T12:45:55+00:00","dateModified":"2026-02-06T07:18:47+00:00","description":"Speciall\u00e6ge i psykiatri Jacob Hasselbalch. Privatpraktiserende speciall\u00e6ge siden for\u00e5ret 2019. Jeg har tidligere bl.a. v\u00e6ret overl\u00e6ge i hospitalspsykiatrien og jeg har en bred klinisk erfaring.","breadcrumb":{"@id":"https:\/\/www.xn--speciallgejacobhasselbalch-6ic.dk\/?page_id=131#breadcrumb"},"inLanguage":"da-DK","potentialAction":[{"@type":"ReadAction","target":["https:\/\/www.xn--speciallgejacobhasselbalch-6ic.dk\/?page_id=131"]}]},{"@type":"ImageObject","inLanguage":"da-DK","@id":"https:\/\/www.xn--speciallgejacobhasselbalch-6ic.dk\/?page_id=131#primaryimage","url":"https:\/\/www.xn--speciallgejacobhasselbalch-6ic.dk\/wp-content\/uploads\/2026\/02\/photo-1510860933079-0d4aa3d081bb-scaled.avif","contentUrl":"https:\/\/www.xn--speciallgejacobhasselbalch-6ic.dk\/wp-content\/uploads\/2026\/02\/photo-1510860933079-0d4aa3d081bb-scaled.avif","width":1710,"height":2560},{"@type":"BreadcrumbList","@id":"https:\/\/www.xn--speciallgejacobhasselbalch-6ic.dk\/?page_id=131#breadcrumb","itemListElement":[{"@type":"ListItem","position":1,"name":"Hjem","item":"https:\/\/www.xn--speciallgejacobhasselbalch-6ic.dk\/"},{"@type":"ListItem","position":2,"name":"Meddelelser"}]},{"@type":"WebSite","@id":"https:\/\/www.xn--speciallgejacobhasselbalch-6ic.dk\/#website","url":"https:\/\/www.xn--speciallgejacobhasselbalch-6ic.dk\/","name":"Speciall\u00e6geJacobHasselbalch.dk","description":"Speciall\u00e6ge i psykiatri","potentialAction":[{"@type":"SearchAction","target":{"@type":"EntryPoint","urlTemplate":"https:\/\/www.xn--speciallgejacobhasselbalch-6ic.dk\/?s={search_term_string}"},"query-input":{"@type":"PropertyValueSpecification","valueRequired":true,"valueName":"search_term_string"}}],"inLanguage":"da-DK"}]}},"_links":{"self":[{"href":"https:\/\/www.xn--speciallgejacobhasselbalch-6ic.dk\/index.php?rest_route=\/wp\/v2\/pages\/131","targetHints":{"allow":["GET"]}}],"collection":[{"href":"https:\/\/www.xn--speciallgejacobhasselbalch-6ic.dk\/index.php?rest_route=\/wp\/v2\/pages"}],"about":[{"href":"https:\/\/www.xn--speciallgejacobhasselbalch-6ic.dk\/index.php?rest_route=\/wp\/v2\/types\/page"}],"author":[{"embeddable":true,"href":"https:\/\/www.xn--speciallgejacobhasselbalch-6ic.dk\/index.php?rest_route=\/wp\/v2\/users\/1"}],"replies":[{"embeddable":true,"href":"https:\/\/www.xn--speciallgejacobhasselbalch-6ic.dk\/index.php?rest_route=%2Fwp%2Fv2%2Fcomments&post=131"}],"version-history":[{"count":28,"href":"https:\/\/www.xn--speciallgejacobhasselbalch-6ic.dk\/index.php?rest_route=\/wp\/v2\/pages\/131\/revisions"}],"predecessor-version":[{"id":796,"href":"https:\/\/www.xn--speciallgejacobhasselbalch-6ic.dk\/index.php?rest_route=\/wp\/v2\/pages\/131\/revisions\/796"}],"wp:attachment":[{"href":"https:\/\/www.xn--speciallgejacobhasselbalch-6ic.dk\/index.php?rest_route=%2Fwp%2Fv2%2Fmedia&parent=131"}],"curies":[{"name":"wp","href":"https:\/\/api.w.org\/{rel}","templated":true}]}}