{"id":145,"date":"2025-05-01T13:01:51","date_gmt":"2025-05-01T13:01:51","guid":{"rendered":"https:\/\/www.xn--speciallgejacobhasselbalch-6ic.dk\/?page_id=145"},"modified":"2025-05-15T07:25:16","modified_gmt":"2025-05-15T07:25:16","slug":"privatlivspolitik","status":"publish","type":"page","link":"https:\/\/www.xn--speciallgejacobhasselbalch-6ic.dk\/?page_id=145","title":{"rendered":"Privatlivspolitik"},"content":{"rendered":"\t\t<div data-elementor-type=\"wp-page\" data-elementor-id=\"145\" class=\"elementor elementor-145\" data-elementor-post-type=\"page\">\n\t\t\t\t<div class=\"elementor-element elementor-element-43fb27d e-flex e-con-boxed e-con e-parent\" data-id=\"43fb27d\" data-element_type=\"container\" data-e-type=\"container\">\n\t\t\t\t\t<div class=\"e-con-inner\">\n\t\t\t\t<div class=\"elementor-element elementor-element-95c7200 elementor-widget elementor-widget-spacer\" data-id=\"95c7200\" data-element_type=\"widget\" data-e-type=\"widget\" data-widget_type=\"spacer.default\">\n\t\t\t\t<div class=\"elementor-widget-container\">\n\t\t\t\t\t\t\t<div class=\"elementor-spacer\">\n\t\t\t<div class=\"elementor-spacer-inner\"><\/div>\n\t\t<\/div>\n\t\t\t\t\t\t<\/div>\n\t\t\t\t<\/div>\n\t\t\t\t<div class=\"elementor-element elementor-element-6769bfc elementor-widget elementor-widget-heading\" data-id=\"6769bfc\" data-element_type=\"widget\" data-e-type=\"widget\" data-widget_type=\"heading.default\">\n\t\t\t\t<div class=\"elementor-widget-container\">\n\t\t\t\t\t<h2 class=\"elementor-heading-title elementor-size-default\">Privatlivspolitik<\/h2>\t\t\t\t<\/div>\n\t\t\t\t<\/div>\n\t\t\t\t\t<\/div>\n\t\t\t\t<\/div>\n\t\t<div class=\"elementor-element elementor-element-1ebf8d7 e-flex e-con-boxed e-con e-parent\" data-id=\"1ebf8d7\" data-element_type=\"container\" data-e-type=\"container\">\n\t\t\t\t\t<div class=\"e-con-inner\">\n\t\t\t\t\t<\/div>\n\t\t\t\t<\/div>\n\t\t<div class=\"elementor-element elementor-element-1b57905 e-flex e-con-boxed e-con e-parent\" data-id=\"1b57905\" data-element_type=\"container\" data-e-type=\"container\">\n\t\t\t\t\t<div class=\"e-con-inner\">\n\t\t\t\t<div class=\"elementor-element elementor-element-8c0e5b7 elementor-widget elementor-widget-text-editor\" data-id=\"8c0e5b7\" data-element_type=\"widget\" data-e-type=\"widget\" data-widget_type=\"text-editor.default\">\n\t\t\t\t<div class=\"elementor-widget-container\">\n\t\t\t\t\t\t\t\t\t<div class=\"page-content row\"><p><b><a href=\"https:\/\/www.xn--speciallgejacobhasselbalch-6ic.dk\/?page_id=116\">Privatlivspolitik<\/a> for patienter<\/b><\/p><\/div><div class=\"page-content row\"><p><strong>Behandling af oplysninger<\/strong><\/p><p>I forbindelse med unders\u00f8gelse, diagnostik og behandling af dig som patient indsamler og behandler behandlingsstedet &#8220;Speciall\u00e6ge Jacob Hasselbalch&#8221; som dataansvarlig en r\u00e6kke personoplysninger om dig. Dette er vi forpligtet til efter autorisationslovens kap. 6 og journalf\u00f8ringsbekendtg\u00f8relsen.<\/p><p>I denne privatlivspolitik beskrives, hvordan \u201dSpeciall\u00e6ge Jacob Hasselbalch&#8221; behandler, bruger og videregiver dine personoplysninger.\u00a0<\/p><p><strong>Typer af oplysninger\u00a0<\/strong><\/p><p>Behandlingsstedet &#8220;Speciall\u00e6ge Jacob Hasselbalch&#8221; &#8221; indsamler og behandler f\u00f8lgende typer af personoplysninger om dig (i det omfang det er relevant for netop dig):<\/p><p>Almindelige kategorier af personoplysninger:\u00a0<\/p><ul><li>Navn, adresse, e-mailadresse, telefonnr., personnummer k\u00f8n, familierelationer og sociale relationer, arbejdsrelationer og uddannelse<em>.\u00a0<\/em><\/li><\/ul><p><em>S\u00e6rlige kategorier af personoplysninger (\u201df\u00f8lsomme personoplysninger\u201d):\u00a0<\/em><\/p><ul><li>Helbredsoplysninger (f.eks. journaloplysninger, pr\u00f8vesvar, tests, r\u00f8ntgenbilleder, scanningsvar mv.), nogle gange seksuelle forhold, nogle gange etnisk oprindelse samt nogle gange religi\u00f8se forhold.\u00a0<\/li><\/ul><p><strong style=\"font-size: 1rem;\">\u00a0<\/strong><\/p><p><strong style=\"font-size: 1rem;\">Form\u00e5l<\/strong><\/p><p>Vi behandler dine personoplysninger til f\u00f8lgende form\u00e5l:<\/p><ul><li>Vores unders\u00f8gelse, diagnostisk og behandling af dig<\/li><li>Udarbejdelse af l\u00e6geerkl\u00e6ringer\u00a0<\/li><li>Udarbejdelse af attester til brug for myndigheder, forsikringsselskaber mv.<\/li><li>Kommunikation med eller henvisning til andre sundhedspersoner, l\u00e6ger, sygehuse eller sygehuslaboratorier<\/li><li>Medicinordinationer, herunder udstedelse af recepter<\/li><li>Indberetning til kliniske kvalitetsdatabaser<\/li><li>Indberetning af laboratoriepr\u00f8ver til sygehuslaboratorier<\/li><li>Afregningsform\u00e5l<\/li><li>Overholde vores forpligtelser i henhold til g\u00e6ldende lovgivning, herunder EU\u2019s databeskyttelsesforordning, databeskyttelsesloven og anden relevant sundhedsretlig lovgivning, f.eks.<ul><li>Dokumentationspligt<\/li><li>Overholdelse af basale principper for behandling af personoplysninger og juridisk hjemmel for behandlingen\u00a0<\/li><li>Iv\u00e6rks\u00e6ttelse og vedligeholdelse af tekniske og organisatoriske sikkerhedsforanstaltninger, herunder men ikke begr\u00e6nset til at hindre uautoriseret adgang til systemer og oplysninger, hindre modtagelse eller distribution af ondsindet kode, standsning af overbelastningsangreb (denial-of-service-angreb) og beskadigelser af computersystemer og elektroniske kommunikationssystemer\u00a0<\/li><li>Unders\u00f8gelse af mistanke eller viden om sikkerhedsbrud og rapportering til individer og myndigheder<\/li><li>H\u00e5ndtering af foresp\u00f8rgsler og klager fra registrerede og andre<\/li><li>H\u00e5ndtering af inspektioner og foresp\u00f8rgsler fra tilsynsmyndigheder<\/li><li>H\u00e5ndtering af tvister med registrerede og tredjeparter.<\/li><li>Statistiske unders\u00f8gelser og videnskabelig forskning<\/li><li>Aftaledeling er tilkommet 11\/1-2022 &#8211; iht. en bekendtg\u00f8relse dateret 26\/6-2020 ben\u00e6vnt &#8220;Bekendtg\u00f8relse om drift m.v. af den f\u00e6lles digitale infrastruktur&#8221; Du kan give l\u00e6gen besked om du ikke vil aftaledele, og du kan ogs\u00e5 p\u00e5 din l\u00e6geapp blokere for aftaledeling.<\/li><\/ul><\/li><\/ul><p><strong>\u00a0<\/strong><\/p><p><strong>Frivillighed<\/strong><\/p><p>N\u00e5r vi indsamler personoplysninger direkte fra dig, giver du personoplysningerne frivilligt. Du er ikke forpligtet til at give disse personoplysninger til mig\/os. Konsekvensen af ikke at give mig\/os personoplysningerne vil v\u00e6re, at\u00a0vi ikke kan varetage form\u00e5lene ovenfor, herunder at vi i nogle tilf\u00e6lde ikke kan unders\u00f8ge, diagnosticere eller behandle dig.<\/p><p><strong>\u00a0<\/strong><\/p><p><strong>Kilder<\/strong><\/p><p>I nogle tilf\u00e6lde indsamler vi personoplysninger om dig fra andre sundhedspersoner, f.eks. sygehuse eller ved opslag i elektroniske journalsystemer. Vi behandler de modtagende oplysninger i overensstemmelse med denne privatlivspolitik.\u00a0<\/p><p><strong>\u00a0<\/strong><\/p><p><strong>Videregivelse af personoplysninger<\/strong><\/p><p>Idet omfang det er n\u00f8dvendigt for den konkrete unders\u00f8gelse, diagnosticering eller behandling af dig, vil dine personoplysninger blive videregivet og delt med f\u00f8lgende modtagere:<\/p><ul><li>Der videregives oplysninger til andre sundhedspersoner, hvis det er n\u00f8dvendigt af hensyn til et aktuelt behandlingsforl\u00f8b.<\/li><li>Der videregives oplysninger til RKKP (kliniske kvalitetsdatabaser), Styrelsen for Patientsikkerhed, Sundhedsdatastyrelsen (medicin, vaccinationer, utilsigtede h\u00e6ndelser og d\u00f8dsfald), politi og domstole, sociale myndigheder, Arbejdsmarkedets Erhvervssikring i det omfang, at der foreligger en pligt hertil if\u00f8lge g\u00e6ldende lovgivning.<\/li><li>Du har som patient adgang til dine egne oplysninger (indsigtsret).<\/li><li>Ved henvisning af patienter videregives oplysninger til de sundhedspersoner, hvortil henvisningen er sendt.<\/li><li>Ved indberetning af laboratoriepr\u00f8ver videregives pr\u00f8verne til sygehuslaboratorierne.<\/li><li>Ved indberetning af oplysninger i forbindelse med afregning for patientbehandling videregives oplysninger til de regionale afregningskontorer.<\/li><li>Ved udstedelse af recepter videregives oplysninger til landets apoteker og L\u00e6gemiddelstyrelsen via FMK.<\/li><li>Ved indberetning til kliniske kvalitetsdatabaser.<\/li><li>I andre tilf\u00e6lde videregives oplysninger til p\u00e5r\u00f8rende eller forsikringsselskaber.<\/li><\/ul><p><strong>\u00a0<\/strong><\/p><p><strong>Lovgrundlag for behandling og videregivelse af personoplysninger<\/strong><\/p><p>Det juridiske grundlag for at indsamle, behandle og videregive dine personoplysninger er:\u00a0<\/p><ul><li>Til brug for den almindelige patientbehandling indsamles, behandles og videregives almindelige personoplysninger i medf\u00f8r af databeskyttelsesforordningens artikel 6(1)(c) og (d), mens de f\u00f8lsomme personoplysninger indsamles, behandles og videregives i medf\u00f8r af databeskyttelsesforordningens artikel 9(2)(c) og (h).\u00a0<\/li><li>Herudover er vi forpligtet til at behandle en r\u00e6kke personoplysninger om dig ved den almindelige patientbehandling i medf\u00f8r af autorisationslovens kap. 6, bekendtg\u00f8relse om sundhedspersoners journaler (journalf\u00f8ringsbekendtg\u00f8relsen) s\u00e6rligt \u00a7\u00a7 5-10, samt sundhedslovens kap. 9.\u00a0\u00a0<\/li><li>Oplysninger til brug for afregning for patientbehandling fremsendes en gang pr. m\u00e5ned til regionens afregningskontor efter reglerne i Overenskomst om almen praksissundhedslovens \u00a760.\u00a0<\/li><li>Medicinordinationer p\u00e5 recepter samt vaccinationer sendes via IT-tjenesten FMK efter reglerne i sundhedslovens \u00a7 157 og bekendtg\u00f8relse om recepter og dosisdispensering af l\u00e6gemidler s\u00e6rligt kap. 3.\u00a0<\/li><li>Kliniske patientdata videregives til kliniske kvalitetsdatabaser efter reglerne i sundhedslovens \u00a7\u00a7 195-196 og bekendtg\u00f8relse om indberetning af oplysninger til kliniske kvalitetsdatabaser m.v. Data kan ogs\u00e5 videregives p\u00e5 baggrund af et konkret samtykke fra dig som patient.<\/li><li>Dine personoplysninger videregives alene til forsikringsselskaber med dit forudg\u00e5ende samtykke, jf. databeskyttelsesforordningens artikel 6(1)(a) og 9(2)(a).\u00a0<\/li><li>Dine personoplysninger videregives alene til dine p\u00e5r\u00f8rende med dit forudg\u00e5ende samtykke efter reglerne i sundhedslovens \u00a7 43.\u00a0<\/li><li>Ved afd\u00f8de patienter kan visse personoplysninger videregives til afd\u00f8des n\u00e6rmeste p\u00e5r\u00f8rende reglerne i sundhedslovens \u00a7 45.\u00a0<\/li><\/ul><p><strong>\u00a0<\/strong><\/p><p><strong>Tilbagekaldelse af samtykke<\/strong><\/p><p>Hvis behandlingen af dine personoplysninger er baseret p\u00e5 samtykke, har du ret til at tilbagekalde samtykket. Hvis du tilbagekalder samtykket, p\u00e5virker det ikke behandlingen forud for tilbagekaldelse af samtykket, herunder en videregivelse baseret p\u00e5 samtykke.<\/p><p><strong>\u00a0<\/strong><\/p><p><strong>Brug af databehandlere<\/strong><\/p><p>Dine personoplysninger behandles og opbevares hos vores databehandlere, som opbevarer dem p\u00e5 vegne af og efter instruks fra os. Vores databehandlere er p.t.<\/p><ul><li>Systemhuset: Datagruppen Multimed A\/S<\/li><li>Telefonsystem: Phone IT<\/li><li>Bestilling af laboratoriepr\u00f8ver: Webreq<\/li><li>Opbevaring af patienters svar p\u00e5 sp\u00f8rgeskemaer: Multimed Web<\/li><\/ul><p><strong>\u00a0<\/strong><\/p><p><strong>Opbevaringsperiode<\/strong><\/p><p>Vi\u00a0opbevarer personoplysninger om dig, s\u00e5 l\u00e6nge vi har behov for at varetage de overfor angivne form\u00e5l. Vi har dog i henhold til journalf\u00f8ringsbekendtg\u00f8relsen \u00a7 15 pligt til at opbevare disse i minimum 10 \u00e5r efter seneste tilf\u00f8rsel til journalen. Der kan opst\u00e5 tilf\u00e6lde hvor vi er n\u00f8dsaget til at opbevare dine personoplysninger i l\u00e6ngere tid, f.eks. i forbindelse med en klagesag eller erstatningssag, hvor oplysninger i s\u00e5 fald vil blive opbevaret, indtil sagen er endeligt afsluttet.\u00a0<\/p><p><strong>\u00a0<\/strong><\/p><p><strong>Dine rettigheder<\/strong><\/p><p>Du har \u2013 med lovens begr\u00e6nsninger &#8211; visse rettigheder, herunder retten til indsigt i personoplysninger, retten til at f\u00e5 \u00e6ndret ukorrekte oplysninger, retten til at f\u00e5 slettet oplysninger, retten til at f\u00e5 begr\u00e6nset oplysninger, retten til dataportabilitet, retten til at g\u00f8re indsigelse mod behandlingen af personoplysningerne, herunder ift. automatiseret, individuel beslutningstagning (\u201dprofilering\u201d).\u00a0<\/p><p>Du har ogs\u00e5 ret til at klage til en kompetent tilsynsmyndighed, herunder Datatilsynet.<\/p><p><strong>\u00a0<\/strong><\/p><p><strong>Kontakt<\/strong><\/p><p>Hvis du har sp\u00f8rgsm\u00e5l vedr\u00f8rende behandlingen af dine personoplysninger eller udnyttelsen af dine rettigheder, er du velkommen til at kontakte os\u00a0<\/p><\/div>\t\t\t\t\t\t\t\t<\/div>\n\t\t\t\t<\/div>\n\t\t\t\t\t<\/div>\n\t\t\t\t<\/div>\n\t\t\t\t<\/div>\n\t\t","protected":false},"excerpt":{"rendered":"<p>Privatlivspolitik Privatlivspolitik for patienter Behandling af oplysninger I forbindelse med unders\u00f8gelse, diagnostik og behandling af dig som patient indsamler og behandler behandlingsstedet &#8220;Speciall\u00e6ge Jacob Hasselbalch&#8221; som dataansvarlig en r\u00e6kke personoplysninger om dig. Dette er vi forpligtet til efter autorisationslovens kap. 6 og journalf\u00f8ringsbekendtg\u00f8relsen. I denne privatlivspolitik beskrives, hvordan \u201dSpeciall\u00e6ge Jacob Hasselbalch&#8221; behandler, bruger og videregiver [&hellip;]<\/p>\n","protected":false},"author":1,"featured_media":0,"parent":0,"menu_order":0,"comment_status":"closed","ping_status":"closed","template":"","meta":{"footnotes":""},"class_list":["post-145","page","type-page","status-publish","hentry"],"yoast_head":"<!-- This site is optimized with the Yoast SEO plugin v27.4 - https:\/\/yoast.com\/product\/yoast-seo-wordpress\/ -->\n<title>Privatlivspolitik Speciall\u00e6ge Jacob Hasselbalch - Speciall\u00e6ge Jacob Hasselbalch<\/title>\n<meta name=\"description\" content=\"Speciall\u00e6ge i psykiatri Jacob Hasselbalch. Privatpraktiserende speciall\u00e6ge siden for\u00e5ret 2019. Jeg har tidligere bl.a. v\u00e6ret overl\u00e6ge i hospitalspsykiatrien og jeg har en bred klinisk erfaring.\" \/>\n<meta name=\"robots\" content=\"index, follow, max-snippet:-1, max-image-preview:large, max-video-preview:-1\" \/>\n<link rel=\"canonical\" href=\"https:\/\/www.xn--speciallgejacobhasselbalch-6ic.dk\/?page_id=145\" \/>\n<meta property=\"og:locale\" content=\"da_DK\" \/>\n<meta property=\"og:type\" content=\"article\" \/>\n<meta property=\"og:title\" content=\"Privatlivspolitik Speciall\u00e6ge Jacob Hasselbalch - Speciall\u00e6ge Jacob Hasselbalch\" \/>\n<meta property=\"og:description\" content=\"Speciall\u00e6ge i psykiatri Jacob Hasselbalch. Privatpraktiserende speciall\u00e6ge siden for\u00e5ret 2019. Jeg har tidligere bl.a. v\u00e6ret overl\u00e6ge i hospitalspsykiatrien og jeg har en bred klinisk erfaring.\" \/>\n<meta property=\"og:url\" content=\"https:\/\/www.xn--speciallgejacobhasselbalch-6ic.dk\/?page_id=145\" \/>\n<meta property=\"og:site_name\" content=\"Speciall\u00e6ge Jacob Hasselbalch\" \/>\n<meta property=\"article:modified_time\" content=\"2025-05-15T07:25:16+00:00\" \/>\n<meta name=\"twitter:card\" content=\"summary_large_image\" \/>\n<meta name=\"twitter:label1\" content=\"Estimeret l\u00e6setid\" \/>\n\t<meta name=\"twitter:data1\" content=\"6 minutter\" \/>\n<script type=\"application\/ld+json\" class=\"yoast-schema-graph\">{\"@context\":\"https:\\\/\\\/schema.org\",\"@graph\":[{\"@type\":\"WebPage\",\"@id\":\"https:\\\/\\\/www.xn--speciallgejacobhasselbalch-6ic.dk\\\/?page_id=145\",\"url\":\"https:\\\/\\\/www.xn--speciallgejacobhasselbalch-6ic.dk\\\/?page_id=145\",\"name\":\"Privatlivspolitik Speciall\u00e6ge Jacob Hasselbalch - Speciall\u00e6ge Jacob Hasselbalch\",\"isPartOf\":{\"@id\":\"https:\\\/\\\/www.xn--speciallgejacobhasselbalch-6ic.dk\\\/#website\"},\"datePublished\":\"2025-05-01T13:01:51+00:00\",\"dateModified\":\"2025-05-15T07:25:16+00:00\",\"description\":\"Speciall\u00e6ge i psykiatri Jacob Hasselbalch. Privatpraktiserende speciall\u00e6ge siden for\u00e5ret 2019. Jeg har tidligere bl.a. v\u00e6ret overl\u00e6ge i hospitalspsykiatrien og jeg har en bred klinisk erfaring.\",\"breadcrumb\":{\"@id\":\"https:\\\/\\\/www.xn--speciallgejacobhasselbalch-6ic.dk\\\/?page_id=145#breadcrumb\"},\"inLanguage\":\"da-DK\",\"potentialAction\":[{\"@type\":\"ReadAction\",\"target\":[\"https:\\\/\\\/www.xn--speciallgejacobhasselbalch-6ic.dk\\\/?page_id=145\"]}]},{\"@type\":\"BreadcrumbList\",\"@id\":\"https:\\\/\\\/www.xn--speciallgejacobhasselbalch-6ic.dk\\\/?page_id=145#breadcrumb\",\"itemListElement\":[{\"@type\":\"ListItem\",\"position\":1,\"name\":\"Hjem\",\"item\":\"https:\\\/\\\/www.xn--speciallgejacobhasselbalch-6ic.dk\\\/\"},{\"@type\":\"ListItem\",\"position\":2,\"name\":\"Privatlivspolitik\"}]},{\"@type\":\"WebSite\",\"@id\":\"https:\\\/\\\/www.xn--speciallgejacobhasselbalch-6ic.dk\\\/#website\",\"url\":\"https:\\\/\\\/www.xn--speciallgejacobhasselbalch-6ic.dk\\\/\",\"name\":\"Speciall\u00e6geJacobHasselbalch.dk\",\"description\":\"Speciall\u00e6ge i psykiatri\",\"potentialAction\":[{\"@type\":\"SearchAction\",\"target\":{\"@type\":\"EntryPoint\",\"urlTemplate\":\"https:\\\/\\\/www.xn--speciallgejacobhasselbalch-6ic.dk\\\/?s={search_term_string}\"},\"query-input\":{\"@type\":\"PropertyValueSpecification\",\"valueRequired\":true,\"valueName\":\"search_term_string\"}}],\"inLanguage\":\"da-DK\"}]}<\/script>\n<!-- \/ Yoast SEO plugin. -->","yoast_head_json":{"title":"Privatlivspolitik Speciall\u00e6ge Jacob Hasselbalch - Speciall\u00e6ge Jacob Hasselbalch","description":"Speciall\u00e6ge i psykiatri Jacob Hasselbalch. Privatpraktiserende speciall\u00e6ge siden for\u00e5ret 2019. Jeg har tidligere bl.a. v\u00e6ret overl\u00e6ge i hospitalspsykiatrien og jeg har en bred klinisk erfaring.","robots":{"index":"index","follow":"follow","max-snippet":"max-snippet:-1","max-image-preview":"max-image-preview:large","max-video-preview":"max-video-preview:-1"},"canonical":"https:\/\/www.xn--speciallgejacobhasselbalch-6ic.dk\/?page_id=145","og_locale":"da_DK","og_type":"article","og_title":"Privatlivspolitik Speciall\u00e6ge Jacob Hasselbalch - Speciall\u00e6ge Jacob Hasselbalch","og_description":"Speciall\u00e6ge i psykiatri Jacob Hasselbalch. Privatpraktiserende speciall\u00e6ge siden for\u00e5ret 2019. Jeg har tidligere bl.a. v\u00e6ret overl\u00e6ge i hospitalspsykiatrien og jeg har en bred klinisk erfaring.","og_url":"https:\/\/www.xn--speciallgejacobhasselbalch-6ic.dk\/?page_id=145","og_site_name":"Speciall\u00e6ge Jacob Hasselbalch","article_modified_time":"2025-05-15T07:25:16+00:00","twitter_card":"summary_large_image","twitter_misc":{"Estimeret l\u00e6setid":"6 minutter"},"schema":{"@context":"https:\/\/schema.org","@graph":[{"@type":"WebPage","@id":"https:\/\/www.xn--speciallgejacobhasselbalch-6ic.dk\/?page_id=145","url":"https:\/\/www.xn--speciallgejacobhasselbalch-6ic.dk\/?page_id=145","name":"Privatlivspolitik Speciall\u00e6ge Jacob Hasselbalch - Speciall\u00e6ge Jacob Hasselbalch","isPartOf":{"@id":"https:\/\/www.xn--speciallgejacobhasselbalch-6ic.dk\/#website"},"datePublished":"2025-05-01T13:01:51+00:00","dateModified":"2025-05-15T07:25:16+00:00","description":"Speciall\u00e6ge i psykiatri Jacob Hasselbalch. Privatpraktiserende speciall\u00e6ge siden for\u00e5ret 2019. Jeg har tidligere bl.a. v\u00e6ret overl\u00e6ge i hospitalspsykiatrien og jeg har en bred klinisk erfaring.","breadcrumb":{"@id":"https:\/\/www.xn--speciallgejacobhasselbalch-6ic.dk\/?page_id=145#breadcrumb"},"inLanguage":"da-DK","potentialAction":[{"@type":"ReadAction","target":["https:\/\/www.xn--speciallgejacobhasselbalch-6ic.dk\/?page_id=145"]}]},{"@type":"BreadcrumbList","@id":"https:\/\/www.xn--speciallgejacobhasselbalch-6ic.dk\/?page_id=145#breadcrumb","itemListElement":[{"@type":"ListItem","position":1,"name":"Hjem","item":"https:\/\/www.xn--speciallgejacobhasselbalch-6ic.dk\/"},{"@type":"ListItem","position":2,"name":"Privatlivspolitik"}]},{"@type":"WebSite","@id":"https:\/\/www.xn--speciallgejacobhasselbalch-6ic.dk\/#website","url":"https:\/\/www.xn--speciallgejacobhasselbalch-6ic.dk\/","name":"Speciall\u00e6geJacobHasselbalch.dk","description":"Speciall\u00e6ge i psykiatri","potentialAction":[{"@type":"SearchAction","target":{"@type":"EntryPoint","urlTemplate":"https:\/\/www.xn--speciallgejacobhasselbalch-6ic.dk\/?s={search_term_string}"},"query-input":{"@type":"PropertyValueSpecification","valueRequired":true,"valueName":"search_term_string"}}],"inLanguage":"da-DK"}]}},"_links":{"self":[{"href":"https:\/\/www.xn--speciallgejacobhasselbalch-6ic.dk\/index.php?rest_route=\/wp\/v2\/pages\/145","targetHints":{"allow":["GET"]}}],"collection":[{"href":"https:\/\/www.xn--speciallgejacobhasselbalch-6ic.dk\/index.php?rest_route=\/wp\/v2\/pages"}],"about":[{"href":"https:\/\/www.xn--speciallgejacobhasselbalch-6ic.dk\/index.php?rest_route=\/wp\/v2\/types\/page"}],"author":[{"embeddable":true,"href":"https:\/\/www.xn--speciallgejacobhasselbalch-6ic.dk\/index.php?rest_route=\/wp\/v2\/users\/1"}],"replies":[{"embeddable":true,"href":"https:\/\/www.xn--speciallgejacobhasselbalch-6ic.dk\/index.php?rest_route=%2Fwp%2Fv2%2Fcomments&post=145"}],"version-history":[{"count":22,"href":"https:\/\/www.xn--speciallgejacobhasselbalch-6ic.dk\/index.php?rest_route=\/wp\/v2\/pages\/145\/revisions"}],"predecessor-version":[{"id":560,"href":"https:\/\/www.xn--speciallgejacobhasselbalch-6ic.dk\/index.php?rest_route=\/wp\/v2\/pages\/145\/revisions\/560"}],"wp:attachment":[{"href":"https:\/\/www.xn--speciallgejacobhasselbalch-6ic.dk\/index.php?rest_route=%2Fwp%2Fv2%2Fmedia&parent=145"}],"curies":[{"name":"wp","href":"https:\/\/api.w.org\/{rel}","templated":true}]}}