{"id":8,"date":"2025-05-01T10:54:31","date_gmt":"2025-05-01T10:54:31","guid":{"rendered":"https:\/\/www.xn--speciallgejacobhasselbalch-6ic.dk\/?page_id=8"},"modified":"2025-09-08T08:03:55","modified_gmt":"2025-09-08T08:03:55","slug":"forside","status":"publish","type":"page","link":"https:\/\/www.xn--speciallgejacobhasselbalch-6ic.dk\/","title":{"rendered":"Forside"},"content":{"rendered":"\t\t<div data-elementor-type=\"wp-page\" data-elementor-id=\"8\" class=\"elementor elementor-8\" data-elementor-post-type=\"page\">\n\t\t\t\t<div class=\"elementor-element elementor-element-048294c e-flex e-con-boxed e-con e-parent\" data-id=\"048294c\" data-element_type=\"container\" data-e-type=\"container\">\n\t\t\t\t\t<div class=\"e-con-inner\">\n\t\t\t\t<div class=\"elementor-element elementor-element-39f2ab2 elementor-widget elementor-widget-spacer\" data-id=\"39f2ab2\" data-element_type=\"widget\" data-e-type=\"widget\" data-widget_type=\"spacer.default\">\n\t\t\t\t<div class=\"elementor-widget-container\">\n\t\t\t\t\t\t\t<div class=\"elementor-spacer\">\n\t\t\t<div class=\"elementor-spacer-inner\"><\/div>\n\t\t<\/div>\n\t\t\t\t\t\t<\/div>\n\t\t\t\t<\/div>\n\t\t\t\t<div class=\"elementor-element elementor-element-ffe268f elementor-widget__width-initial elementor-widget elementor-widget-image\" data-id=\"ffe268f\" data-element_type=\"widget\" data-e-type=\"widget\" data-widget_type=\"image.default\">\n\t\t\t\t<div class=\"elementor-widget-container\">\n\t\t\t\t\t\t\t\t\t\t\t\t<figure class=\"wp-caption\">\n\t\t\t\t\t\t\t\t\t\t<img fetchpriority=\"high\" decoding=\"async\" width=\"768\" height=\"506\" src=\"https:\/\/www.xn--speciallgejacobhasselbalch-6ic.dk\/wp-content\/uploads\/2025\/05\/Corn-speciallkaege-2-768x506.jpg\" class=\"attachment-medium_large size-medium_large wp-image-480\" alt=\"\" srcset=\"https:\/\/www.xn--speciallgejacobhasselbalch-6ic.dk\/wp-content\/uploads\/2025\/05\/Corn-speciallkaege-2-768x506.jpg 768w, https:\/\/www.xn--speciallgejacobhasselbalch-6ic.dk\/wp-content\/uploads\/2025\/05\/Corn-speciallkaege-2-300x198.jpg 300w, https:\/\/www.xn--speciallgejacobhasselbalch-6ic.dk\/wp-content\/uploads\/2025\/05\/Corn-speciallkaege-2-1024x675.jpg 1024w, https:\/\/www.xn--speciallgejacobhasselbalch-6ic.dk\/wp-content\/uploads\/2025\/05\/Corn-speciallkaege-2-1536x1012.jpg 1536w, https:\/\/www.xn--speciallgejacobhasselbalch-6ic.dk\/wp-content\/uploads\/2025\/05\/Corn-speciallkaege-2-2048x1350.jpg 2048w\" sizes=\"(max-width: 768px) 100vw, 768px\" \/>\t\t\t\t\t\t\t\t\t\t\t<figcaption class=\"widget-image-caption wp-caption-text\"><\/figcaption>\n\t\t\t\t\t\t\t\t\t\t<\/figure>\n\t\t\t\t\t\t\t\t\t<\/div>\n\t\t\t\t<\/div>\n\t\t\t\t<div class=\"elementor-element elementor-element-6bb00cc elementor-widget__width-initial elementor-widget elementor-widget-text-editor\" data-id=\"6bb00cc\" data-element_type=\"widget\" data-e-type=\"widget\" data-widget_type=\"text-editor.default\">\n\t\t\t\t<div class=\"elementor-widget-container\">\n\t\t\t\t\t\t\t\t\t<p>\u00a0<\/p><p>Klinikken er en psykiatrisk speciall\u00e6gepraksis og tilbyder\u00a0 diagnosticering og medicinsk behandling af psykiatriske lidelser hos voksne (over 18 \u00e5r)<\/p><p>\u00a0<\/p><p>Klinikken har overenskomstaftale med den offentlige sygesikring (ydernummer).\u00a0 Du skal derfor som gruppe 1 sikret henvises fra din praktiserende l\u00e6ge for at kunne tilbydes behandling i klinikken<\/p><p>\u00a0<\/p><p>Vi er 2 speciall\u00e6ger som deler ydernummer og lokaler, men ikke deler patienter. P\u00e5 sundhed.dk finder du os <a href=\"https:\/\/www.sundhed.dk\/borger\/guides\/find-behandler\/?orgId=5469\">her<\/a><\/p><p>\u00a0<\/p><p>Klinikken tilbyder ikke behandling ved egenbetaling.<\/p>\t\t\t\t\t\t\t\t<\/div>\n\t\t\t\t<\/div>\n\t\t\t\t\t<\/div>\n\t\t\t\t<\/div>\n\t\t<div class=\"elementor-element elementor-element-3fa3526 e-flex e-con-boxed e-con e-parent\" data-id=\"3fa3526\" data-element_type=\"container\" data-e-type=\"container\">\n\t\t\t\t\t<div class=\"e-con-inner\">\n\t\t\t\t<div class=\"elementor-element elementor-element-a22d2fc elementor-widget elementor-widget-text-editor\" data-id=\"a22d2fc\" data-element_type=\"widget\" data-e-type=\"widget\" data-widget_type=\"text-editor.default\">\n\t\t\t\t<div class=\"elementor-widget-container\">\n\t\t\t\t\t\t\t\t\t<div class=\"page-content row\"><p><b><a href=\"https:\/\/www.xn--speciallgejacobhasselbalch-6ic.dk\/?page_id=45\">Tidsbestilling<\/a>:<\/b> Mandag og tirsdag 16-18<\/p><p><strong>Ventetid til udredning af ADHD er p.t. 74 uger<\/strong><\/p><p>Bem\u00e6rk venligst:<\/p><p>Grundet den store eftersp\u00f8rgsel p\u00e5 behandling i klinikken, findes regler for afbud og \u00e6ndring af tider. Dette er for at sikre, at der ikke er ubesatte tider som andre patienter vil have gavn af. <a href=\"https:\/\/www.xn--speciallgejacobhasselbalch-6ic.dk\/?page_id=143\">Se her<\/a><\/p><\/div><p>Vi tager gerne imod kritik eller forslag til forbedringer. <a href=\"https:\/\/www.xn--speciallgejacobhasselbalch-6ic.dk\/?page_id=116\">Se her<\/a><\/p>\t\t\t\t\t\t\t\t<\/div>\n\t\t\t\t<\/div>\n\t\t\t\t\t<\/div>\n\t\t\t\t<\/div>\n\t\t<div class=\"elementor-element elementor-element-fc1e0f3 e-flex e-con-boxed e-con e-parent\" data-id=\"fc1e0f3\" data-element_type=\"container\" data-e-type=\"container\">\n\t\t\t\t\t<div class=\"e-con-inner\">\n\t\t\t\t\t<\/div>\n\t\t\t\t<\/div>\n\t\t<div class=\"elementor-element elementor-element-e9cb1a4 e-flex e-con-boxed e-con e-parent\" data-id=\"e9cb1a4\" data-element_type=\"container\" data-e-type=\"container\">\n\t\t\t\t\t<div class=\"e-con-inner\">\n\t\t\t\t<div class=\"elementor-element elementor-element-e23a180 elementor-widget elementor-widget-heading\" data-id=\"e23a180\" data-element_type=\"widget\" data-e-type=\"widget\" data-widget_type=\"heading.default\">\n\t\t\t\t<div class=\"elementor-widget-container\">\n\t\t\t\t\t<h2 class=\"elementor-heading-title elementor-size-default\">Find klinikken her:<br><\/h2>\t\t\t\t<\/div>\n\t\t\t\t<\/div>\n\t\t\t\t\t<\/div>\n\t\t\t\t<\/div>\n\t\t<div class=\"elementor-element elementor-element-7e0598c e-flex e-con-boxed e-con e-parent\" data-id=\"7e0598c\" data-element_type=\"container\" data-e-type=\"container\">\n\t\t\t\t\t<div class=\"e-con-inner\">\n\t\t\t\t<div class=\"elementor-element elementor-element-9f9297a elementor-widget elementor-widget-image\" data-id=\"9f9297a\" data-element_type=\"widget\" data-e-type=\"widget\" data-widget_type=\"image.default\">\n\t\t\t\t<div class=\"elementor-widget-container\">\n\t\t\t\t\t\t\t\t\t\t\t\t<figure class=\"wp-caption\">\n\t\t\t\t\t\t\t\t\t\t\t<a href=\"https:\/\/maps.app.goo.gl\/kWoqTCXyeT5W8cNz7\">\n\t\t\t\t\t\t\t<img decoding=\"async\" width=\"300\" height=\"169\" src=\"https:\/\/www.xn--speciallgejacobhasselbalch-6ic.dk\/wp-content\/uploads\/2025\/05\/Skaermbillede-hasselbalch-bjarking-300x169.jpg\" class=\"attachment-medium size-medium wp-image-27\" alt=\"\" srcset=\"https:\/\/www.xn--speciallgejacobhasselbalch-6ic.dk\/wp-content\/uploads\/2025\/05\/Skaermbillede-hasselbalch-bjarking-300x169.jpg 300w, https:\/\/www.xn--speciallgejacobhasselbalch-6ic.dk\/wp-content\/uploads\/2025\/05\/Skaermbillede-hasselbalch-bjarking-1024x576.jpg 1024w, https:\/\/www.xn--speciallgejacobhasselbalch-6ic.dk\/wp-content\/uploads\/2025\/05\/Skaermbillede-hasselbalch-bjarking-768x432.jpg 768w, https:\/\/www.xn--speciallgejacobhasselbalch-6ic.dk\/wp-content\/uploads\/2025\/05\/Skaermbillede-hasselbalch-bjarking.jpg 1092w\" sizes=\"(max-width: 300px) 100vw, 300px\" \/>\t\t\t\t\t\t\t\t<\/a>\n\t\t\t\t\t\t\t\t\t\t\t<figcaption class=\"widget-image-caption wp-caption-text\">Bagsv\u00e6rd Hovedgade 91, 2880 Bagsv\u00e6rd. Klik p\u00e5 kortet for rutevejledning<\/figcaption>\n\t\t\t\t\t\t\t\t\t\t<\/figure>\n\t\t\t\t\t\t\t\t\t<\/div>\n\t\t\t\t<\/div>\n\t\t\t\t\t<\/div>\n\t\t\t\t<\/div>\n\t\t\t\t<\/div>\n\t\t","protected":false},"excerpt":{"rendered":"<p>\u00a0 Klinikken er en psykiatrisk speciall\u00e6gepraksis og tilbyder\u00a0 diagnosticering og medicinsk behandling af psykiatriske lidelser hos voksne (over 18 \u00e5r) \u00a0 Klinikken har overenskomstaftale med den offentlige sygesikring (ydernummer).\u00a0 Du skal derfor som gruppe 1 sikret henvises fra din praktiserende l\u00e6ge for at kunne tilbydes behandling i klinikken \u00a0 Vi er 2 speciall\u00e6ger som deler [&hellip;]<\/p>\n","protected":false},"author":1,"featured_media":0,"parent":0,"menu_order":0,"comment_status":"closed","ping_status":"closed","template":"","meta":{"footnotes":""},"class_list":["post-8","page","type-page","status-publish","hentry"],"yoast_head":"<!-- This site is optimized with the Yoast SEO plugin v27.4 - https:\/\/yoast.com\/product\/yoast-seo-wordpress\/ -->\n<title>Forside Speciall\u00e6ge Jacob Hasselbalch - Speciall\u00e6ge Jacob Hasselbalch<\/title>\n<meta name=\"description\" content=\"Speciall\u00e6ge i psykiatri Jacob Hasselbalch. Privatpraktiserende speciall\u00e6ge siden for\u00e5ret 2019. Jeg har tidligere bl.a. v\u00e6ret overl\u00e6ge i hospitalspsykiatrien og jeg har en bred klinisk erfaring.\" \/>\n<meta name=\"robots\" content=\"index, follow, max-snippet:-1, max-image-preview:large, max-video-preview:-1\" \/>\n<link rel=\"canonical\" href=\"https:\/\/www.xn--speciallgejacobhasselbalch-6ic.dk\/\" \/>\n<meta property=\"og:locale\" content=\"da_DK\" \/>\n<meta property=\"og:type\" content=\"article\" \/>\n<meta property=\"og:title\" content=\"Forside Speciall\u00e6ge Jacob Hasselbalch - Speciall\u00e6ge Jacob Hasselbalch\" \/>\n<meta property=\"og:description\" content=\"Speciall\u00e6ge i psykiatri Jacob Hasselbalch. Privatpraktiserende speciall\u00e6ge siden for\u00e5ret 2019. Jeg har tidligere bl.a. v\u00e6ret overl\u00e6ge i hospitalspsykiatrien og jeg har en bred klinisk erfaring.\" \/>\n<meta property=\"og:url\" content=\"https:\/\/www.xn--speciallgejacobhasselbalch-6ic.dk\/\" \/>\n<meta property=\"og:site_name\" content=\"Speciall\u00e6ge Jacob Hasselbalch\" \/>\n<meta property=\"article:modified_time\" content=\"2025-09-08T08:03:55+00:00\" \/>\n<meta property=\"og:image\" content=\"https:\/\/www.xn--speciallgejacobhasselbalch-6ic.dk\/wp-content\/uploads\/2025\/05\/Corn-speciallkaege-2-scaled.jpg\" \/>\n\t<meta property=\"og:image:width\" content=\"2560\" \/>\n\t<meta property=\"og:image:height\" content=\"1687\" \/>\n\t<meta property=\"og:image:type\" content=\"image\/jpeg\" \/>\n<meta name=\"twitter:card\" content=\"summary_large_image\" \/>\n<meta name=\"twitter:label1\" content=\"Estimeret l\u00e6setid\" \/>\n\t<meta name=\"twitter:data1\" content=\"2 minutter\" \/>\n<script type=\"application\/ld+json\" class=\"yoast-schema-graph\">{\"@context\":\"https:\\\/\\\/schema.org\",\"@graph\":[{\"@type\":\"WebPage\",\"@id\":\"https:\\\/\\\/www.xn--speciallgejacobhasselbalch-6ic.dk\\\/\",\"url\":\"https:\\\/\\\/www.xn--speciallgejacobhasselbalch-6ic.dk\\\/\",\"name\":\"Forside Speciall\u00e6ge Jacob Hasselbalch - Speciall\u00e6ge Jacob Hasselbalch\",\"isPartOf\":{\"@id\":\"https:\\\/\\\/www.xn--speciallgejacobhasselbalch-6ic.dk\\\/#website\"},\"primaryImageOfPage\":{\"@id\":\"https:\\\/\\\/www.xn--speciallgejacobhasselbalch-6ic.dk\\\/#primaryimage\"},\"image\":{\"@id\":\"https:\\\/\\\/www.xn--speciallgejacobhasselbalch-6ic.dk\\\/#primaryimage\"},\"thumbnailUrl\":\"https:\\\/\\\/www.xn--speciallgejacobhasselbalch-6ic.dk\\\/wp-content\\\/uploads\\\/2025\\\/05\\\/Corn-speciallkaege-2-768x506.jpg\",\"datePublished\":\"2025-05-01T10:54:31+00:00\",\"dateModified\":\"2025-09-08T08:03:55+00:00\",\"description\":\"Speciall\u00e6ge i psykiatri Jacob Hasselbalch. Privatpraktiserende speciall\u00e6ge siden for\u00e5ret 2019. Jeg har tidligere bl.a. v\u00e6ret overl\u00e6ge i hospitalspsykiatrien og jeg har en bred klinisk erfaring.\",\"breadcrumb\":{\"@id\":\"https:\\\/\\\/www.xn--speciallgejacobhasselbalch-6ic.dk\\\/#breadcrumb\"},\"inLanguage\":\"da-DK\",\"potentialAction\":[{\"@type\":\"ReadAction\",\"target\":[\"https:\\\/\\\/www.xn--speciallgejacobhasselbalch-6ic.dk\\\/\"]}]},{\"@type\":\"ImageObject\",\"inLanguage\":\"da-DK\",\"@id\":\"https:\\\/\\\/www.xn--speciallgejacobhasselbalch-6ic.dk\\\/#primaryimage\",\"url\":\"https:\\\/\\\/www.xn--speciallgejacobhasselbalch-6ic.dk\\\/wp-content\\\/uploads\\\/2025\\\/05\\\/Corn-speciallkaege-2-scaled.jpg\",\"contentUrl\":\"https:\\\/\\\/www.xn--speciallgejacobhasselbalch-6ic.dk\\\/wp-content\\\/uploads\\\/2025\\\/05\\\/Corn-speciallkaege-2-scaled.jpg\",\"width\":2560,\"height\":1687},{\"@type\":\"BreadcrumbList\",\"@id\":\"https:\\\/\\\/www.xn--speciallgejacobhasselbalch-6ic.dk\\\/#breadcrumb\",\"itemListElement\":[{\"@type\":\"ListItem\",\"position\":1,\"name\":\"Hjem\",\"item\":\"https:\\\/\\\/www.xn--speciallgejacobhasselbalch-6ic.dk\\\/\"},{\"@type\":\"ListItem\",\"position\":2,\"name\":\"Forside\"}]},{\"@type\":\"WebSite\",\"@id\":\"https:\\\/\\\/www.xn--speciallgejacobhasselbalch-6ic.dk\\\/#website\",\"url\":\"https:\\\/\\\/www.xn--speciallgejacobhasselbalch-6ic.dk\\\/\",\"name\":\"Speciall\u00e6geJacobHasselbalch.dk\",\"description\":\"Speciall\u00e6ge i psykiatri\",\"potentialAction\":[{\"@type\":\"SearchAction\",\"target\":{\"@type\":\"EntryPoint\",\"urlTemplate\":\"https:\\\/\\\/www.xn--speciallgejacobhasselbalch-6ic.dk\\\/?s={search_term_string}\"},\"query-input\":{\"@type\":\"PropertyValueSpecification\",\"valueRequired\":true,\"valueName\":\"search_term_string\"}}],\"inLanguage\":\"da-DK\"}]}<\/script>\n<!-- \/ Yoast SEO plugin. -->","yoast_head_json":{"title":"Forside Speciall\u00e6ge Jacob Hasselbalch - Speciall\u00e6ge Jacob Hasselbalch","description":"Speciall\u00e6ge i psykiatri Jacob Hasselbalch. Privatpraktiserende speciall\u00e6ge siden for\u00e5ret 2019. Jeg har tidligere bl.a. v\u00e6ret overl\u00e6ge i hospitalspsykiatrien og jeg har en bred klinisk erfaring.","robots":{"index":"index","follow":"follow","max-snippet":"max-snippet:-1","max-image-preview":"max-image-preview:large","max-video-preview":"max-video-preview:-1"},"canonical":"https:\/\/www.xn--speciallgejacobhasselbalch-6ic.dk\/","og_locale":"da_DK","og_type":"article","og_title":"Forside Speciall\u00e6ge Jacob Hasselbalch - Speciall\u00e6ge Jacob Hasselbalch","og_description":"Speciall\u00e6ge i psykiatri Jacob Hasselbalch. Privatpraktiserende speciall\u00e6ge siden for\u00e5ret 2019. Jeg har tidligere bl.a. v\u00e6ret overl\u00e6ge i hospitalspsykiatrien og jeg har en bred klinisk erfaring.","og_url":"https:\/\/www.xn--speciallgejacobhasselbalch-6ic.dk\/","og_site_name":"Speciall\u00e6ge Jacob Hasselbalch","article_modified_time":"2025-09-08T08:03:55+00:00","og_image":[{"width":2560,"height":1687,"url":"https:\/\/www.xn--speciallgejacobhasselbalch-6ic.dk\/wp-content\/uploads\/2025\/05\/Corn-speciallkaege-2-scaled.jpg","type":"image\/jpeg"}],"twitter_card":"summary_large_image","twitter_misc":{"Estimeret l\u00e6setid":"2 minutter"},"schema":{"@context":"https:\/\/schema.org","@graph":[{"@type":"WebPage","@id":"https:\/\/www.xn--speciallgejacobhasselbalch-6ic.dk\/","url":"https:\/\/www.xn--speciallgejacobhasselbalch-6ic.dk\/","name":"Forside Speciall\u00e6ge Jacob Hasselbalch - Speciall\u00e6ge Jacob Hasselbalch","isPartOf":{"@id":"https:\/\/www.xn--speciallgejacobhasselbalch-6ic.dk\/#website"},"primaryImageOfPage":{"@id":"https:\/\/www.xn--speciallgejacobhasselbalch-6ic.dk\/#primaryimage"},"image":{"@id":"https:\/\/www.xn--speciallgejacobhasselbalch-6ic.dk\/#primaryimage"},"thumbnailUrl":"https:\/\/www.xn--speciallgejacobhasselbalch-6ic.dk\/wp-content\/uploads\/2025\/05\/Corn-speciallkaege-2-768x506.jpg","datePublished":"2025-05-01T10:54:31+00:00","dateModified":"2025-09-08T08:03:55+00:00","description":"Speciall\u00e6ge i psykiatri Jacob Hasselbalch. Privatpraktiserende speciall\u00e6ge siden for\u00e5ret 2019. Jeg har tidligere bl.a. v\u00e6ret overl\u00e6ge i hospitalspsykiatrien og jeg har en bred klinisk erfaring.","breadcrumb":{"@id":"https:\/\/www.xn--speciallgejacobhasselbalch-6ic.dk\/#breadcrumb"},"inLanguage":"da-DK","potentialAction":[{"@type":"ReadAction","target":["https:\/\/www.xn--speciallgejacobhasselbalch-6ic.dk\/"]}]},{"@type":"ImageObject","inLanguage":"da-DK","@id":"https:\/\/www.xn--speciallgejacobhasselbalch-6ic.dk\/#primaryimage","url":"https:\/\/www.xn--speciallgejacobhasselbalch-6ic.dk\/wp-content\/uploads\/2025\/05\/Corn-speciallkaege-2-scaled.jpg","contentUrl":"https:\/\/www.xn--speciallgejacobhasselbalch-6ic.dk\/wp-content\/uploads\/2025\/05\/Corn-speciallkaege-2-scaled.jpg","width":2560,"height":1687},{"@type":"BreadcrumbList","@id":"https:\/\/www.xn--speciallgejacobhasselbalch-6ic.dk\/#breadcrumb","itemListElement":[{"@type":"ListItem","position":1,"name":"Hjem","item":"https:\/\/www.xn--speciallgejacobhasselbalch-6ic.dk\/"},{"@type":"ListItem","position":2,"name":"Forside"}]},{"@type":"WebSite","@id":"https:\/\/www.xn--speciallgejacobhasselbalch-6ic.dk\/#website","url":"https:\/\/www.xn--speciallgejacobhasselbalch-6ic.dk\/","name":"Speciall\u00e6geJacobHasselbalch.dk","description":"Speciall\u00e6ge i psykiatri","potentialAction":[{"@type":"SearchAction","target":{"@type":"EntryPoint","urlTemplate":"https:\/\/www.xn--speciallgejacobhasselbalch-6ic.dk\/?s={search_term_string}"},"query-input":{"@type":"PropertyValueSpecification","valueRequired":true,"valueName":"search_term_string"}}],"inLanguage":"da-DK"}]}},"_links":{"self":[{"href":"https:\/\/www.xn--speciallgejacobhasselbalch-6ic.dk\/index.php?rest_route=\/wp\/v2\/pages\/8","targetHints":{"allow":["GET"]}}],"collection":[{"href":"https:\/\/www.xn--speciallgejacobhasselbalch-6ic.dk\/index.php?rest_route=\/wp\/v2\/pages"}],"about":[{"href":"https:\/\/www.xn--speciallgejacobhasselbalch-6ic.dk\/index.php?rest_route=\/wp\/v2\/types\/page"}],"author":[{"embeddable":true,"href":"https:\/\/www.xn--speciallgejacobhasselbalch-6ic.dk\/index.php?rest_route=\/wp\/v2\/users\/1"}],"replies":[{"embeddable":true,"href":"https:\/\/www.xn--speciallgejacobhasselbalch-6ic.dk\/index.php?rest_route=%2Fwp%2Fv2%2Fcomments&post=8"}],"version-history":[{"count":142,"href":"https:\/\/www.xn--speciallgejacobhasselbalch-6ic.dk\/index.php?rest_route=\/wp\/v2\/pages\/8\/revisions"}],"predecessor-version":[{"id":726,"href":"https:\/\/www.xn--speciallgejacobhasselbalch-6ic.dk\/index.php?rest_route=\/wp\/v2\/pages\/8\/revisions\/726"}],"wp:attachment":[{"href":"https:\/\/www.xn--speciallgejacobhasselbalch-6ic.dk\/index.php?rest_route=%2Fwp%2Fv2%2Fmedia&parent=8"}],"curies":[{"name":"wp","href":"https:\/\/api.w.org\/{rel}","templated":true}]}}